{"id":1061,"date":"2025-04-19T13:19:27","date_gmt":"2025-04-19T11:19:27","guid":{"rendered":"https:\/\/organizingarchitectures.org\/?post_type=person&#038;p=1061"},"modified":"2025-05-30T10:22:26","modified_gmt":"2025-05-30T08:22:26","slug":"prof-dr-andreas-fahrmeir","status":"publish","type":"person","link":"https:\/\/organizingarchitectures.org\/de\/person\/prof-dr-andreas-fahrmeir\/","title":{"rendered":"Prof. Dr. Andreas Fahrmeir"},"content":{"rendered":"\n<p>Andreas Fahrmeir studierte an der Goethe-Universit\u00e4t Frankfurt am Main Mittlere und Neuere Geschichte, Geschichte der Naturwissenschaften und englische Philologie. Er promovierte an der University of Cambridge zur Geschichte der Migrationskontrolle im 19. Jahrhundert und habilitierte sich w\u00e4hrend einer T\u00e4tigkeit als Wissenschaftlicher Mitarbeiter am Deutschen Historischen Institut in London an der Goethe Universit\u00e4t. <br\/>Nach einer kurzen T\u00e4tigkeit als Unternehmensberater war er Heisenberg-Stipendiat der DFG und Professor f\u00fcr europ\u00e4ische Geschichte des 19. und 20. Jahrhunderts an der Universit\u00e4t zu K\u00f6ln. Seit 2006 ist er Inhaber der Professur f\u00fcr Neuere Geschichte mit dem Schwerpunkt 19. Jahrhundert an der Goethe Universit\u00e4t.   <\/p>\n\n<p>E-Mail: fahrmeir@em.uni-frankfurt.de<\/p>\n\n<h2 class=\"wp-block-heading\">Forschungsinteresse<\/h2>\n\n<p>Seit seiner Habilitationsschrift zu den Amtstr\u00e4gern der Corporation of London zwischen dem Ende des 17. und dem Beginn des 20. Jahrhunderts interessiert sich Andreas Fahrmeir f\u00fcr die Wechselwirkungen zwischen der sozialhistorischen Entwicklung in und der symbolischen Inszenierung von urbanen Ordnungen, wie sie in konkreten (Um-)Bauvorhaben, den Weichenstellungen durch Infrastruktur, und der immer wieder neu verhandelten Nutzung gr\u00f6\u00dferer und kleinerer \u00f6ffentlicher und privater Pl\u00e4tze und Geb\u00e4ude mit ihren Folgen f\u00fcr unterschiedliche Gruppen zum Ausdruck kommt. Besonders spannend findet er weiterhin das Beispiel London \u2013 inzwischen nicht zuletzt von den R\u00e4ndern aus gesehen, aber auch den Blick auf St\u00e4dte der vermeintlichen Provinz wie etwa Aschaffenburg. <\/p>\n<div class=\"wp-block-image\">\n<figure class=\"aligncenter size-full is-resized\"><img loading=\"lazy\" decoding=\"async\" width=\"1400\" height=\"852\" src=\"https:\/\/organizingarchitectures.org\/wp-content\/uploads\/Fahrmeir_Andreas_Projektbild_-cMike-McBey.jpg\" alt=\"The Crystal Palace, Copyright: Mike McBey\" class=\"wp-image-645\" style=\"width:594px;height:auto\" title=\"\" srcset=\"https:\/\/organizingarchitectures.org\/wp-content\/uploads\/Fahrmeir_Andreas_Projektbild_-cMike-McBey.jpg 1400w, https:\/\/organizingarchitectures.org\/wp-content\/uploads\/Fahrmeir_Andreas_Projektbild_-cMike-McBey-480x292.jpg 480w, https:\/\/organizingarchitectures.org\/wp-content\/uploads\/Fahrmeir_Andreas_Projektbild_-cMike-McBey-640x389.jpg 640w, https:\/\/organizingarchitectures.org\/wp-content\/uploads\/Fahrmeir_Andreas_Projektbild_-cMike-McBey-720x438.jpg 720w, https:\/\/organizingarchitectures.org\/wp-content\/uploads\/Fahrmeir_Andreas_Projektbild_-cMike-McBey-960x584.jpg 960w, https:\/\/organizingarchitectures.org\/wp-content\/uploads\/Fahrmeir_Andreas_Projektbild_-cMike-McBey-1168x711.jpg 1168w\" sizes=\"auto, (max-width: 1400px) 100vw, 1400px\" \/><figcaption class=\"wp-element-caption\">The Crystal Palace, \u00a9 Mike McBey<\/figcaption><\/figure>\n<\/div>","protected":false},"featured_media":883,"template":"","person_category":[43],"class_list":["post-1061","person","type-person","status-publish","has-post-thumbnail","hentry","person_category-principal-investigators-de"],"acf":[],"_links":{"self":[{"href":"https:\/\/organizingarchitectures.org\/de\/wp-json\/wp\/v2\/person\/1061","targetHints":{"allow":["GET"]}}],"collection":[{"href":"https:\/\/organizingarchitectures.org\/de\/wp-json\/wp\/v2\/person"}],"about":[{"href":"https:\/\/organizingarchitectures.org\/de\/wp-json\/wp\/v2\/types\/person"}],"wp:featuredmedia":[{"embeddable":true,"href":"https:\/\/organizingarchitectures.org\/de\/wp-json\/wp\/v2\/media\/883"}],"wp:attachment":[{"href":"https:\/\/organizingarchitectures.org\/de\/wp-json\/wp\/v2\/media?parent=1061"}],"wp:term":[{"taxonomy":"person_category","embeddable":true,"href":"https:\/\/organizingarchitectures.org\/de\/wp-json\/wp\/v2\/person_category?post=1061"}],"curies":[{"name":"wp","href":"https:\/\/api.w.org\/{rel}","templated":true}]}}