{"id":1260,"date":"2025-06-23T17:19:47","date_gmt":"2025-06-23T15:19:47","guid":{"rendered":"https:\/\/organizingarchitectures.org\/person\/katharina-marschall\/"},"modified":"2025-09-17T17:23:51","modified_gmt":"2025-09-17T15:23:51","slug":"katharina-marschall","status":"publish","type":"person","link":"https:\/\/organizingarchitectures.org\/de\/person\/katharina-marschall\/","title":{"rendered":"Katharina Marschall"},"content":{"rendered":"\n<p>Katharina Marschall hat Kunstgeschichte in Marburg und W\u00fcrzburg studiert. In ihrer Masterarbeit wurden die Aushandlungsprozesse der Berliner Schlossplatzdiskussion und die Bedeutung des identit\u00e4tsstiftenden Stadtraumes untersucht. Sie arbeitet beim Landesamt f\u00fcr Denkmalpflege Hessen in der Inventarisation und st\u00e4dtebaulichen Denkmalpflege. Seit 2023 ist sie dort Teil eines Projektes, in der die St\u00e4dtebaulich-Denkmalpflegerische-Aufnahme (SDA) als Planungsgrundlage f\u00fcr hessische Orte entwickelt und durchgef\u00fchrt wird. Dar\u00fcber hinaus gilt ihr Interesse den Aushandlungsprozessen verschiedener Akteursgruppen im Kontext der Stadtgestaltung. Das b\u00fcrgerschaftliche Engagement zum Erhalt historischer Bausubstanz und identit\u00e4tsstiftender Orte ist f\u00fcr die Denkmalpflege von gro\u00dfer Bedeutung. In ihrer Dissertation untersucht sie daher die Zusammenh\u00e4nge zwischen historischer Stadtentwicklung und denkmalfachlicher Bewertungskriterien im \u00f6ffentlichen Interesse.      <\/p>\n\n<p>E-Mail: katharina.marschall@lfd-hessen.de<\/p>\n\n<p><\/p>\n","protected":false},"featured_media":1254,"template":"","person_category":[58],"class_list":["post-1260","person","type-person","status-publish","has-post-thumbnail","hentry","person_category-assoziierte"],"acf":[],"_links":{"self":[{"href":"https:\/\/organizingarchitectures.org\/de\/wp-json\/wp\/v2\/person\/1260","targetHints":{"allow":["GET"]}}],"collection":[{"href":"https:\/\/organizingarchitectures.org\/de\/wp-json\/wp\/v2\/person"}],"about":[{"href":"https:\/\/organizingarchitectures.org\/de\/wp-json\/wp\/v2\/types\/person"}],"wp:featuredmedia":[{"embeddable":true,"href":"https:\/\/organizingarchitectures.org\/de\/wp-json\/wp\/v2\/media\/1254"}],"wp:attachment":[{"href":"https:\/\/organizingarchitectures.org\/de\/wp-json\/wp\/v2\/media?parent=1260"}],"wp:term":[{"taxonomy":"person_category","embeddable":true,"href":"https:\/\/organizingarchitectures.org\/de\/wp-json\/wp\/v2\/person_category?post=1260"}],"curies":[{"name":"wp","href":"https:\/\/api.w.org\/{rel}","templated":true}]}}