{"id":998,"date":"2025-04-15T14:26:19","date_gmt":"2025-04-15T12:26:19","guid":{"rendered":"https:\/\/organizingarchitectures.org\/person\/martina-wollweber-2\/"},"modified":"2025-05-26T16:20:54","modified_gmt":"2025-05-26T14:20:54","slug":"martina-wollweber","status":"publish","type":"person","link":"https:\/\/organizingarchitectures.org\/de\/person\/martina-wollweber\/","title":{"rendered":"Martina Wollweber"},"content":{"rendered":"\n<p>Als ausgebildete Industriekauffrau und mehreren Jahren Berufserfahrung in kaufm\u00e4nnischen Abteilungen im In- und Ausland konnte sie fundierte Kenntnisse in Administration und Organisation aufbauen. An einer weiterf\u00fchrenden Schule war sie als Verwaltungsangestellte f\u00fcr die Koordination organisatorischer Aufgaben sowie f\u00fcr die Kommunikation zwischen Lehrkr\u00e4ften, Sch\u00fclern und Eltern verantwortlich. Seit 2019 ist sie an der Goethe-Universit\u00e4t Frankfurt t\u00e4tig, wo sie neben allgemeinen Verwaltungsaufgaben im Kunstgeschichtlichen Institut auch eng mit Herrn Professor C. Ruhl (Architekturgeschichte) und Frau Professorin M. Fend (18. &amp; 19. Jahrhundert) zusammenarbeitet. In dieser Rolle ist sie die direkte Ansprechpartnerin f\u00fcr deren Mitarbeiter*innen in Lehre und Forschung. Durch ihre langj\u00e4hrige Erfahrung in der Verwaltung sowie der Unterst\u00fctzung von Projekten und administrativen Abl\u00e4ufen konnte sie ihre organisatorischen F\u00e4higkeiten kontinuierlich weiterentwickeln. Besonders sch\u00e4tzt sie die M\u00f6glichkeit, in einem internationalen, interdisziplin\u00e4ren Team zu arbeiten, das an einem gemeinsamen, thematisch fokussierten Forschungsprogramm mit Beteiligung mehrerer Hochschulen zusammenarbeitet.     <\/p>\n\n<p>E-Mail: wollweber@kunst.uni-frankfurt.de<br\/>Telefon: 069 \/ 798 28685 <\/p>\n","protected":false},"featured_media":897,"template":"","person_category":[38],"class_list":["post-998","person","type-person","status-publish","has-post-thumbnail","hentry","person_category-administration-de"],"acf":[],"_links":{"self":[{"href":"https:\/\/organizingarchitectures.org\/de\/wp-json\/wp\/v2\/person\/998","targetHints":{"allow":["GET"]}}],"collection":[{"href":"https:\/\/organizingarchitectures.org\/de\/wp-json\/wp\/v2\/person"}],"about":[{"href":"https:\/\/organizingarchitectures.org\/de\/wp-json\/wp\/v2\/types\/person"}],"wp:featuredmedia":[{"embeddable":true,"href":"https:\/\/organizingarchitectures.org\/de\/wp-json\/wp\/v2\/media\/897"}],"wp:attachment":[{"href":"https:\/\/organizingarchitectures.org\/de\/wp-json\/wp\/v2\/media?parent=998"}],"wp:term":[{"taxonomy":"person_category","embeddable":true,"href":"https:\/\/organizingarchitectures.org\/de\/wp-json\/wp\/v2\/person_category?post=998"}],"curies":[{"name":"wp","href":"https:\/\/api.w.org\/{rel}","templated":true}]}}